{"id":16757,"date":"2017-03-02T10:45:49","date_gmt":"2017-03-02T07:45:49","guid":{"rendered":"https:\/\/www.akademisacterapi.com\/corporate\/our-team\/burcu-cayozu\/"},"modified":"2025-03-17T16:37:57","modified_gmt":"2025-03-17T13:37:57","slug":"burcu-cayozu","status":"publish","type":"page","link":"https:\/\/www.akademisacterapi.com\/en\/corporate\/our-team\/burcu-cayozu\/","title":{"rendered":"Burcu \u00c7ay\u00f6z\u00fc, Trichologist"},"content":{"rendered":"<div class=\"row\">\n<div class=\"col-12 col-md-4\">\n<p>Burcu \u00c7ay\u00f6z\u00fc (1981) graduated from Dokuz Eyl\u00fcl University, where she majored in Business Administration before specializing in Trichology. In 2006, began her career in the field of Trichology with the Svenson Clinics Group, headquartered in the United Kingdom. She received comprehensive theoretical and clinical training at the group&#8217;s clinics in East Asia, gaining valuable hands-on experience.<\/p>\n<p>Burcu completed a 2-year certification course at The Institute of Trichologists, UK, one of the most prestigious qualifications in hair care, recognized world wide, provided Burcu with a medically-backed education in hair and scalp health, where she developed practical skills in the latest trichological techniques and gained in-depth understanding of hair and scalp health.  <\/p>\n<\/p><\/div>\n<div class=\"col-12 col-md-4\">\n<p>Between 2006 and 2009, she worked for &#8220;The Center for Hair Care,&#8221; Turkey\u2019s first Hair Care and Consulting Center. In 2009, she co-founded Academy Hair Therapy Center with Evrim Bayraktar, a licensed Trichologist. With her extensive experience and prestigious Trichology diploma, Burcu is an expert in hair and scalp health, in global standards.<\/p>\n<p>She is also a member of the International Association of Trichologists (AIT), and is a certified Functional Medicine Health Coach.\n<\/p>\n<\/p><\/div>\n<div class=\"col-12 col-md-4\">\n        <img decoding=\"async\" class=\"img-fluid\" src=\"https:\/\/www.akademisacterapi.com\/wp-content\/uploads\/burcu-cayozu.jpg\" alt=\"Burcu \u00c7ay\u00f6z\u00fc\">\n    <\/div>\n<\/div>\n","protected":false},"excerpt":{"rendered":"<p>Burcu \u00c7ay\u00f6z\u00fc (1981) graduated from Dokuz Eyl\u00fcl University, where she majored in Business Administration before specializing in Trichology. In 2006, began her career in the field of Trichology with the Svenson Clinics Group, headquartered in the United Kingdom. She received comprehensive theoretical and clinical training at the group&#8217;s clinics in East Asia, gaining valuable hands-on [&hellip;]<\/p>\n","protected":false},"author":1,"featured_media":16759,"parent":16755,"menu_order":0,"comment_status":"closed","ping_status":"closed","template":"template-tabbed.php","meta":{"footnotes":""},"class_list":["post-16757","page","type-page","status-publish","has-post-thumbnail","hentry"],"yoast_head":"<!-- This site is optimized with the Yoast SEO plugin v27.0 - https:\/\/yoast.com\/product\/yoast-seo-wordpress\/ -->\n<title>Burcu \u00c7ay\u00f6z\u00fc, Trichologist - Akademi Sa\u00e7 Terapi<\/title>\n<meta name=\"description\" content=\"Profesyonel sa\u00e7 bak\u0131m hizmeti veren Svenson Grup ile \u00e7al\u0131\u015fmaya ba\u015flayan Burcu \u00c7ay\u00f6z\u00fc, 2009&#039;de Evrim Bayraktar ile Akademi Sa\u00e7 Terapi merkezini kurdu.\" \/>\n<meta name=\"robots\" content=\"index, follow, max-snippet:-1, max-image-preview:large, max-video-preview:-1\" \/>\n<link rel=\"canonical\" href=\"https:\/\/www.akademisacterapi.com\/en\/corporate\/our-team\/burcu-cayozu\/\" \/>\n<meta property=\"og:locale\" content=\"en_US\" \/>\n<meta property=\"og:type\" content=\"article\" \/>\n<meta property=\"og:title\" content=\"Burcu \u00c7ay\u00f6z\u00fc, Trichologist - Akademi Sa\u00e7 Terapi\" \/>\n<meta property=\"og:description\" content=\"Profesyonel sa\u00e7 bak\u0131m hizmeti veren Svenson Grup ile \u00e7al\u0131\u015fmaya ba\u015flayan Burcu \u00c7ay\u00f6z\u00fc, 2009&#039;de Evrim Bayraktar ile Akademi Sa\u00e7 Terapi merkezini kurdu.\" \/>\n<meta property=\"og:url\" content=\"https:\/\/www.akademisacterapi.com\/en\/corporate\/our-team\/burcu-cayozu\/\" \/>\n<meta property=\"og:site_name\" content=\"Akademi Sa\u00e7 Terapi\" \/>\n<meta property=\"article:publisher\" content=\"https:\/\/www.facebook.com\/akademisacterapi\" \/>\n<meta property=\"article:modified_time\" content=\"2025-03-17T13:37:57+00:00\" \/>\n<meta property=\"og:image\" content=\"https:\/\/www.akademisacterapi.com\/wp-content\/uploads\/3kurumsal-burcucayozu.jpg\" \/>\n\t<meta property=\"og:image:width\" content=\"768\" \/>\n\t<meta property=\"og:image:height\" content=\"580\" \/>\n\t<meta property=\"og:image:type\" content=\"image\/jpeg\" \/>\n<meta name=\"twitter:card\" content=\"summary_large_image\" \/>\n<meta name=\"twitter:site\" content=\"@akademisac\" \/>\n<meta name=\"twitter:label1\" content=\"Est. reading time\" \/>\n\t<meta name=\"twitter:data1\" content=\"2 minutes\" \/>\n<script type=\"application\/ld+json\" class=\"yoast-schema-graph\">{\"@context\":\"https:\/\/schema.org\",\"@graph\":[{\"@type\":\"WebPage\",\"@id\":\"https:\/\/www.akademisacterapi.com\/en\/corporate\/our-team\/burcu-cayozu\/\",\"url\":\"https:\/\/www.akademisacterapi.com\/en\/corporate\/our-team\/burcu-cayozu\/\",\"name\":\"Burcu \u00c7ay\u00f6z\u00fc, Trichologist - Akademi Sa\u00e7 Terapi\",\"isPartOf\":{\"@id\":\"https:\/\/www.akademisacterapi.com\/en\/#website\"},\"primaryImageOfPage\":{\"@id\":\"https:\/\/www.akademisacterapi.com\/en\/corporate\/our-team\/burcu-cayozu\/#primaryimage\"},\"image\":{\"@id\":\"https:\/\/www.akademisacterapi.com\/en\/corporate\/our-team\/burcu-cayozu\/#primaryimage\"},\"thumbnailUrl\":\"https:\/\/www.akademisacterapi.com\/wp-content\/uploads\/3kurumsal-burcucayozu.jpg\",\"datePublished\":\"2017-03-02T07:45:49+00:00\",\"dateModified\":\"2025-03-17T13:37:57+00:00\",\"description\":\"Profesyonel sa\u00e7 bak\u0131m hizmeti veren Svenson Grup ile \u00e7al\u0131\u015fmaya ba\u015flayan Burcu \u00c7ay\u00f6z\u00fc, 2009'de Evrim Bayraktar ile Akademi Sa\u00e7 Terapi merkezini kurdu.\",\"breadcrumb\":{\"@id\":\"https:\/\/www.akademisacterapi.com\/en\/corporate\/our-team\/burcu-cayozu\/#breadcrumb\"},\"inLanguage\":\"en-US\",\"potentialAction\":[{\"@type\":\"ReadAction\",\"target\":[\"https:\/\/www.akademisacterapi.com\/en\/corporate\/our-team\/burcu-cayozu\/\"]}]},{\"@type\":\"ImageObject\",\"inLanguage\":\"en-US\",\"@id\":\"https:\/\/www.akademisacterapi.com\/en\/corporate\/our-team\/burcu-cayozu\/#primaryimage\",\"url\":\"https:\/\/www.akademisacterapi.com\/wp-content\/uploads\/3kurumsal-burcucayozu.jpg\",\"contentUrl\":\"https:\/\/www.akademisacterapi.com\/wp-content\/uploads\/3kurumsal-burcucayozu.jpg\",\"width\":768,\"height\":580},{\"@type\":\"BreadcrumbList\",\"@id\":\"https:\/\/www.akademisacterapi.com\/en\/corporate\/our-team\/burcu-cayozu\/#breadcrumb\",\"itemListElement\":[{\"@type\":\"ListItem\",\"position\":1,\"name\":\"Ana Sayfa\",\"item\":\"https:\/\/www.akademisacterapi.com\/en\/homepage\/\"},{\"@type\":\"ListItem\",\"position\":2,\"name\":\"Corporate\",\"item\":\"https:\/\/www.akademisacterapi.com\/en\/corporate\/\"},{\"@type\":\"ListItem\",\"position\":3,\"name\":\"Our Team\",\"item\":\"https:\/\/www.akademisacterapi.com\/en\/corporate\/our-team\/\"},{\"@type\":\"ListItem\",\"position\":4,\"name\":\"Burcu \u00c7ay\u00f6z\u00fc, Trichologist\"}]},{\"@type\":\"WebSite\",\"@id\":\"https:\/\/www.akademisacterapi.com\/en\/#website\",\"url\":\"https:\/\/www.akademisacterapi.com\/en\/\",\"name\":\"Akademi Sa\u00e7 Terapi\",\"description\":\"Akademi Sa\u00e7 Terapi, sa\u00e7 sa\u011fl\u0131\u011f\u0131n\u0131 ve sa\u00e7 kalitesini iyile\u015ftirmek, sa\u00e7 kayb\u0131n\u0131 yava\u015flatmak hedefli dan\u0131\u015fmanl\u0131k ve bak\u0131m hizmeti veren bir merkezdir.\",\"publisher\":{\"@id\":\"https:\/\/www.akademisacterapi.com\/en\/#organization\"},\"potentialAction\":[{\"@type\":\"SearchAction\",\"target\":{\"@type\":\"EntryPoint\",\"urlTemplate\":\"https:\/\/www.akademisacterapi.com\/en\/?s={search_term_string}\"},\"query-input\":{\"@type\":\"PropertyValueSpecification\",\"valueRequired\":true,\"valueName\":\"search_term_string\"}}],\"inLanguage\":\"en-US\"},{\"@type\":\"Organization\",\"@id\":\"https:\/\/www.akademisacterapi.com\/en\/#organization\",\"name\":\"Akademi Sa\u00e7 Terapi\",\"url\":\"https:\/\/www.akademisacterapi.com\/en\/\",\"logo\":{\"@type\":\"ImageObject\",\"inLanguage\":\"en-US\",\"@id\":\"https:\/\/www.akademisacterapi.com\/en\/#\/schema\/logo\/image\/\",\"url\":\"https:\/\/www.akademisacterapi.com\/wp-content\/uploads\/ast_icon.png\",\"contentUrl\":\"https:\/\/www.akademisacterapi.com\/wp-content\/uploads\/ast_icon.png\",\"width\":250,\"height\":250,\"caption\":\"Akademi Sa\u00e7 Terapi\"},\"image\":{\"@id\":\"https:\/\/www.akademisacterapi.com\/en\/#\/schema\/logo\/image\/\"},\"sameAs\":[\"https:\/\/www.facebook.com\/akademisacterapi\",\"https:\/\/x.com\/akademisac\",\"https:\/\/www.instagram.com\/akademisacterapi\",\"https:\/\/www.youtube.com\/channel\/UCEw4x0vhD7MfpVV5DwgbUBw\"]}]}<\/script>\n<!-- \/ Yoast SEO plugin. -->","yoast_head_json":{"title":"Burcu \u00c7ay\u00f6z\u00fc, Trichologist - Akademi Sa\u00e7 Terapi","description":"Profesyonel sa\u00e7 bak\u0131m hizmeti veren Svenson Grup ile \u00e7al\u0131\u015fmaya ba\u015flayan Burcu \u00c7ay\u00f6z\u00fc, 2009'de Evrim Bayraktar ile Akademi Sa\u00e7 Terapi merkezini kurdu.","robots":{"index":"index","follow":"follow","max-snippet":"max-snippet:-1","max-image-preview":"max-image-preview:large","max-video-preview":"max-video-preview:-1"},"canonical":"https:\/\/www.akademisacterapi.com\/en\/corporate\/our-team\/burcu-cayozu\/","og_locale":"en_US","og_type":"article","og_title":"Burcu \u00c7ay\u00f6z\u00fc, Trichologist - Akademi Sa\u00e7 Terapi","og_description":"Profesyonel sa\u00e7 bak\u0131m hizmeti veren Svenson Grup ile \u00e7al\u0131\u015fmaya ba\u015flayan Burcu \u00c7ay\u00f6z\u00fc, 2009'de Evrim Bayraktar ile Akademi Sa\u00e7 Terapi merkezini kurdu.","og_url":"https:\/\/www.akademisacterapi.com\/en\/corporate\/our-team\/burcu-cayozu\/","og_site_name":"Akademi Sa\u00e7 Terapi","article_publisher":"https:\/\/www.facebook.com\/akademisacterapi","article_modified_time":"2025-03-17T13:37:57+00:00","og_image":[{"width":768,"height":580,"url":"https:\/\/www.akademisacterapi.com\/wp-content\/uploads\/3kurumsal-burcucayozu.jpg","type":"image\/jpeg"}],"twitter_card":"summary_large_image","twitter_site":"@akademisac","twitter_misc":{"Est. reading time":"2 minutes"},"schema":{"@context":"https:\/\/schema.org","@graph":[{"@type":"WebPage","@id":"https:\/\/www.akademisacterapi.com\/en\/corporate\/our-team\/burcu-cayozu\/","url":"https:\/\/www.akademisacterapi.com\/en\/corporate\/our-team\/burcu-cayozu\/","name":"Burcu \u00c7ay\u00f6z\u00fc, Trichologist - Akademi Sa\u00e7 Terapi","isPartOf":{"@id":"https:\/\/www.akademisacterapi.com\/en\/#website"},"primaryImageOfPage":{"@id":"https:\/\/www.akademisacterapi.com\/en\/corporate\/our-team\/burcu-cayozu\/#primaryimage"},"image":{"@id":"https:\/\/www.akademisacterapi.com\/en\/corporate\/our-team\/burcu-cayozu\/#primaryimage"},"thumbnailUrl":"https:\/\/www.akademisacterapi.com\/wp-content\/uploads\/3kurumsal-burcucayozu.jpg","datePublished":"2017-03-02T07:45:49+00:00","dateModified":"2025-03-17T13:37:57+00:00","description":"Profesyonel sa\u00e7 bak\u0131m hizmeti veren Svenson Grup ile \u00e7al\u0131\u015fmaya ba\u015flayan Burcu \u00c7ay\u00f6z\u00fc, 2009'de Evrim Bayraktar ile Akademi Sa\u00e7 Terapi merkezini kurdu.","breadcrumb":{"@id":"https:\/\/www.akademisacterapi.com\/en\/corporate\/our-team\/burcu-cayozu\/#breadcrumb"},"inLanguage":"en-US","potentialAction":[{"@type":"ReadAction","target":["https:\/\/www.akademisacterapi.com\/en\/corporate\/our-team\/burcu-cayozu\/"]}]},{"@type":"ImageObject","inLanguage":"en-US","@id":"https:\/\/www.akademisacterapi.com\/en\/corporate\/our-team\/burcu-cayozu\/#primaryimage","url":"https:\/\/www.akademisacterapi.com\/wp-content\/uploads\/3kurumsal-burcucayozu.jpg","contentUrl":"https:\/\/www.akademisacterapi.com\/wp-content\/uploads\/3kurumsal-burcucayozu.jpg","width":768,"height":580},{"@type":"BreadcrumbList","@id":"https:\/\/www.akademisacterapi.com\/en\/corporate\/our-team\/burcu-cayozu\/#breadcrumb","itemListElement":[{"@type":"ListItem","position":1,"name":"Ana Sayfa","item":"https:\/\/www.akademisacterapi.com\/en\/homepage\/"},{"@type":"ListItem","position":2,"name":"Corporate","item":"https:\/\/www.akademisacterapi.com\/en\/corporate\/"},{"@type":"ListItem","position":3,"name":"Our Team","item":"https:\/\/www.akademisacterapi.com\/en\/corporate\/our-team\/"},{"@type":"ListItem","position":4,"name":"Burcu \u00c7ay\u00f6z\u00fc, Trichologist"}]},{"@type":"WebSite","@id":"https:\/\/www.akademisacterapi.com\/en\/#website","url":"https:\/\/www.akademisacterapi.com\/en\/","name":"Akademi Sa\u00e7 Terapi","description":"Akademi Sa\u00e7 Terapi, sa\u00e7 sa\u011fl\u0131\u011f\u0131n\u0131 ve sa\u00e7 kalitesini iyile\u015ftirmek, sa\u00e7 kayb\u0131n\u0131 yava\u015flatmak hedefli dan\u0131\u015fmanl\u0131k ve bak\u0131m hizmeti veren bir merkezdir.","publisher":{"@id":"https:\/\/www.akademisacterapi.com\/en\/#organization"},"potentialAction":[{"@type":"SearchAction","target":{"@type":"EntryPoint","urlTemplate":"https:\/\/www.akademisacterapi.com\/en\/?s={search_term_string}"},"query-input":{"@type":"PropertyValueSpecification","valueRequired":true,"valueName":"search_term_string"}}],"inLanguage":"en-US"},{"@type":"Organization","@id":"https:\/\/www.akademisacterapi.com\/en\/#organization","name":"Akademi Sa\u00e7 Terapi","url":"https:\/\/www.akademisacterapi.com\/en\/","logo":{"@type":"ImageObject","inLanguage":"en-US","@id":"https:\/\/www.akademisacterapi.com\/en\/#\/schema\/logo\/image\/","url":"https:\/\/www.akademisacterapi.com\/wp-content\/uploads\/ast_icon.png","contentUrl":"https:\/\/www.akademisacterapi.com\/wp-content\/uploads\/ast_icon.png","width":250,"height":250,"caption":"Akademi Sa\u00e7 Terapi"},"image":{"@id":"https:\/\/www.akademisacterapi.com\/en\/#\/schema\/logo\/image\/"},"sameAs":["https:\/\/www.facebook.com\/akademisacterapi","https:\/\/x.com\/akademisac","https:\/\/www.instagram.com\/akademisacterapi","https:\/\/www.youtube.com\/channel\/UCEw4x0vhD7MfpVV5DwgbUBw"]}]}},"_links":{"self":[{"href":"https:\/\/www.akademisacterapi.com\/en\/wp-json\/wp\/v2\/pages\/16757","targetHints":{"allow":["GET"]}}],"collection":[{"href":"https:\/\/www.akademisacterapi.com\/en\/wp-json\/wp\/v2\/pages"}],"about":[{"href":"https:\/\/www.akademisacterapi.com\/en\/wp-json\/wp\/v2\/types\/page"}],"author":[{"embeddable":true,"href":"https:\/\/www.akademisacterapi.com\/en\/wp-json\/wp\/v2\/users\/1"}],"replies":[{"embeddable":true,"href":"https:\/\/www.akademisacterapi.com\/en\/wp-json\/wp\/v2\/comments?post=16757"}],"version-history":[{"count":0,"href":"https:\/\/www.akademisacterapi.com\/en\/wp-json\/wp\/v2\/pages\/16757\/revisions"}],"up":[{"embeddable":true,"href":"https:\/\/www.akademisacterapi.com\/en\/wp-json\/wp\/v2\/pages\/16755"}],"wp:featuredmedia":[{"embeddable":true,"href":"https:\/\/www.akademisacterapi.com\/en\/wp-json\/wp\/v2\/media\/16759"}],"wp:attachment":[{"href":"https:\/\/www.akademisacterapi.com\/en\/wp-json\/wp\/v2\/media?parent=16757"}],"curies":[{"name":"wp","href":"https:\/\/api.w.org\/{rel}","templated":true}]}}